{"id":24,"date":"2021-03-18T15:05:41","date_gmt":"2021-03-18T14:05:41","guid":{"rendered":"https:\/\/asscoupdepouce.com\/?page_id=24"},"modified":"2024-10-01T11:52:46","modified_gmt":"2024-10-01T09:52:46","slug":"soutien-aux-habitants","status":"publish","type":"page","link":"https:\/\/asscoupdepouce.com\/index.php\/nos-actions\/soutien-aux-habitants\/","title":{"rendered":"Soutien aux habitants"},"content":{"rendered":"<section class=\"l-section wpb_row us_custom_e11ab399 height_medium\"><div class=\"l-section-h i-cf\"><div class=\"g-cols vc_row via_flex valign_middle type_default stacking_default\"><div class=\"vc_col-sm-12 wpb_column vc_column_container\"><div class=\"vc_column-inner\"><div class=\"wpb_wrapper\"><div class=\"g-cols wpb_row via_flex valign_top type_default stacking_default\"><div class=\"vc_col-sm-12 wpb_column vc_column_container\"><div class=\"vc_column-inner\"><div class=\"wpb_wrapper\"><div class=\"wpb_text_column us_custom_cdff568c has_text_color\"><div class=\"wpb_wrapper\"><h1 style=\"text-align: center;\">Soutien aux habitants<\/h1>\n<\/div><\/div><div class=\"w-separator size_medium with_line width_30 thick_2 style_solid color_border align_left\"><div class=\"w-separator-h\"><\/div><\/div><\/div><\/div><\/div><\/div><div class=\"g-cols wpb_row via_flex valign_top type_default stacking_default\"><div class=\"vc_col-sm-12 wpb_column vc_column_container\"><div class=\"vc_column-inner\"><div class=\"wpb_wrapper\"><div class=\"w-separator size_medium\"><\/div><div class=\"wpb_text_column\"><div class=\"wpb_wrapper\"><h3 style=\"text-align: center;\">S&rsquo;adapter \u00e0 chaque situation<\/h3>\n<\/div><\/div><div class=\"w-separator size_small\"><\/div><div class=\"wpb_text_column us_custom_432d3f53\"><div class=\"wpb_wrapper\"><h5 style=\"text-align: center;\">Au-del\u00e0 de l\u2019accompagnement des parents dans la scolarit\u00e9 de leurs enfants, l\u2019association aide les habitants des quartiers prioritaires de la politique de la ville \u00e0 s\u2019int\u00e9grer en les soutenant dans leurs <strong>d\u00e9marches administratives<\/strong>.<\/h5>\n<\/div><\/div><\/div><\/div><\/div><\/div><div class=\"w-separator size_medium\"><\/div><div class=\"g-cols wpb_row via_flex valign_top type_default stacking_default\"><div class=\"vc_col-sm-12 wpb_column vc_column_container\"><div class=\"vc_column-inner\"><div class=\"wpb_wrapper\"><div class=\"wpb_text_column us_custom_432d3f53\"><div class=\"wpb_wrapper\"><p>Une r\u00e9elle in\u00e9galit\u00e9 de vie subsiste dans les quartiers prioritaires de la ville de Clermont-Ferrand. En effet, les habitants sont souvent issus de l&rsquo;immigration et n&rsquo;ont, parfois, pas tous les bagages sociaux ad\u00e9quates pour comprendre ais\u00e9ment l&rsquo;administration fran\u00e7aise ou pour se faire une place professionnelle rapidement.<\/p>\n<p>C&rsquo;est pourquoi, l&rsquo;association mise sur l&rsquo;entraide de proximit\u00e9, le maintien du lien social, la continuit\u00e9 \u00e9ducative, l&rsquo;aide alimentaire\u2026 Et travaille tout au long de l\u2019ann\u00e9e au sein des quartiers nord de la ville de Clermont-Ferrand pour faciliter l&rsquo;inclusion de ses habitants.<\/p>\n<\/div><\/div><\/div><\/div><\/div><\/div><div class=\"w-separator size_huge\"><\/div><div class=\"g-cols wpb_row via_flex valign_top type_default stacking_default\"><div class=\"vc_col-sm-4 wpb_column vc_column_container\"><div class=\"vc_column-inner\"><div class=\"wpb_wrapper\"><div class=\"w-iconbox iconpos_left style_circle color_custom align_left\"><div class=\"w-iconbox-icon\" style=\"font-size:2rem;--icon-color:#333333;--icon-bg-color:#8f8aff;\"><i class=\"far fa-hands-helping\"><\/i><\/div><div class=\"w-iconbox-meta\"><h4 class=\"w-iconbox-title\">Accompagnement<\/h4><div class=\"w-iconbox-text\"><p>\u00c0 la demande des familles, possibilit\u00e9 d&rsquo;accompagnement pour les rencontres avec les \u00e9tablissements scolaires.<\/p>\n<\/div><\/div><\/div><\/div><\/div><\/div><div class=\"vc_col-sm-4 wpb_column vc_column_container\"><div class=\"vc_column-inner\"><div class=\"wpb_wrapper\"><div class=\"w-iconbox iconpos_left style_circle color_custom align_left\"><div class=\"w-iconbox-icon\" style=\"font-size:2rem;--icon-color:#333333;--icon-bg-color:#ff808f;\"><i class=\"far fa-address-book\"><\/i><\/div><div class=\"w-iconbox-meta\"><h4 class=\"w-iconbox-title\">Contacts<\/h4><div class=\"w-iconbox-text\"><p>Aide \u00e0 l\u2019orientation vers les services administratifs.<\/p>\n<\/div><\/div><\/div><\/div><\/div><\/div><div class=\"vc_col-sm-4 wpb_column vc_column_container\"><div class=\"vc_column-inner\"><div class=\"wpb_wrapper\"><div class=\"w-iconbox iconpos_left style_circle color_custom align_left\"><div class=\"w-iconbox-icon\" style=\"font-size:2rem;--icon-color:#333333;--icon-bg-color:#ffe27a;\"><i class=\"far fa-file-contract\"><\/i><\/div><div class=\"w-iconbox-meta\"><h4 class=\"w-iconbox-title\">Administratif<\/h4><div class=\"w-iconbox-text\"><p>Aide dans diverses d\u00e9marches administratives (RDV et dossier pr\u00e9fecture\u2026)<\/p>\n<\/div><\/div><\/div><\/div><\/div><\/div><\/div><div class=\"w-separator size_medium\"><\/div><div class=\"g-cols wpb_row via_flex valign_top type_default stacking_default\"><div class=\"vc_col-sm-4 wpb_column vc_column_container\"><div class=\"vc_column-inner\"><div class=\"wpb_wrapper\"><div class=\"w-iconbox iconpos_left style_circle color_custom align_left\"><div class=\"w-iconbox-icon\" style=\"font-size:2rem;--icon-color:#333333;--icon-bg-color:#82e9ff;\"><i class=\"far fa-stars\"><\/i><\/div><div class=\"w-iconbox-meta\"><h4 class=\"w-iconbox-title\">Autres d\u00e9marches<\/h4><div class=\"w-iconbox-text\"><p>Aide aux d\u00e9marches en cas de d\u00e9c\u00e8s.<\/p>\n<\/div><\/div><\/div><\/div><\/div><\/div><div class=\"vc_col-sm-4 wpb_column vc_column_container\"><div class=\"vc_column-inner\"><div class=\"wpb_wrapper\"><div class=\"w-iconbox iconpos_left style_circle color_custom align_left\"><div class=\"w-iconbox-icon\" style=\"font-size:2rem;--icon-color:#333333;--icon-bg-color:#ff9470;\"><i class=\"far fa-house\"><\/i><\/div><div class=\"w-iconbox-meta\"><h4 class=\"w-iconbox-title\">Habitation<\/h4><div class=\"w-iconbox-text\"><p>Aide \u00e0 l\u2019acc\u00e8s au logement en partenariat avec l\u2019Ophis et Assemblia.<\/p>\n<\/div><\/div><\/div><\/div><\/div><\/div><div class=\"vc_col-sm-4 wpb_column vc_column_container\"><div class=\"vc_column-inner\"><div class=\"wpb_wrapper\"><div class=\"w-iconbox iconpos_left style_circle color_custom align_left\"><div class=\"w-iconbox-icon\" style=\"font-size:2rem;--icon-color:#333333;--icon-bg-color:#a5ff82;\"><i class=\"far fa-briefcase\"><\/i><\/div><div class=\"w-iconbox-meta\"><h4 class=\"w-iconbox-title\">Emplois<\/h4><div class=\"w-iconbox-text\"><p>Aide \u00e0 la recherche d\u2019emploi pour des personnes en situation fragile, pr\u00e9caire.<\/p>\n<\/div><\/div><\/div><\/div><\/div><\/div><\/div><div class=\"w-separator size_medium\"><\/div><div class=\"g-cols wpb_row via_flex valign_top type_default stacking_default\"><div class=\"vc_col-sm-4 wpb_column vc_column_container\"><div class=\"vc_column-inner\"><div class=\"wpb_wrapper\"><div class=\"w-iconbox iconpos_left style_circle color_custom align_left\"><div class=\"w-iconbox-icon\" style=\"font-size:2rem;--icon-color:#333333;--icon-bg-color:#ff94de;\"><i class=\"far fa-computer-classic\"><\/i><\/div><div class=\"w-iconbox-meta\"><h4 class=\"w-iconbox-title\">Mat\u00e9riel<\/h4><div class=\"w-iconbox-text\"><p>Mise \u00e0 disposition du mat\u00e9riel informatique, imprimantes pour les copies, envoi de mails et appels t\u00e9l\u00e9phoniques.<\/p>\n<\/div><\/div><\/div><\/div><\/div><\/div><div class=\"vc_col-sm-4 wpb_column vc_column_container\"><div class=\"vc_column-inner\"><div class=\"wpb_wrapper\"><div class=\"w-iconbox iconpos_left style_circle color_custom align_left\"><div class=\"w-iconbox-icon\" style=\"font-size:2rem;--icon-color:#333333;--icon-bg-color:#7d9bf6;\"><i class=\"far fa-graduation-cap\"><\/i><\/div><div class=\"w-iconbox-meta\"><h4 class=\"w-iconbox-title\">Jeunes adultes<\/h4><div class=\"w-iconbox-text\"><p>Aide aux \u00e9tudiants et jeunes adultes dans leurs d\u00e9marches administratives, leurs recherches d\u2019emplois et au niveau financier.<\/p>\n<\/div><\/div><\/div><\/div><\/div><\/div><div class=\"vc_col-sm-4 wpb_column vc_column_container\"><div class=\"vc_column-inner\"><div class=\"wpb_wrapper\"><div class=\"w-iconbox iconpos_left style_circle color_custom align_left\"><div class=\"w-iconbox-icon\" style=\"font-size:2rem;--icon-color:#333333;--icon-bg-color:#7d85f6;\"><i class=\"far fa-image\"><\/i><\/div><div class=\"w-iconbox-meta\"><h4 class=\"w-iconbox-title\">Sorties culturelles<\/h4><div class=\"w-iconbox-text\"><p>Sorties entre adultes ou en famille (Vulcania, Le Pal, Cin\u00e9ma, etc.) et voyages culturels (Paris, Bruxelles, La Rochelle, etc.).<\/p>\n<\/div><\/div><\/div><\/div><\/div><\/div><\/div><div class=\"w-separator size_large\"><\/div><\/div><\/div><\/div><\/div><\/div><\/section><section class=\"l-section wpb_row height_medium color_alternate with_shape\"><div class=\"l-section-shape type_wave pos_top\" style=\"height:15vmin;\"><svg xmlns=\"http:\/\/www.w3.org\/2000\/svg\" viewBox=\"0 4 64 4\" preserveAspectRatio=\"none\" width=\"100%\" height=\"100%\">\r\n\t<path fill=\"currentColor\" d=\"M64 6 C32 0 32 12 0 6 L0 8 L64 8 Z\"\/>\r\n<\/svg><\/div><div class=\"l-section-h i-cf\"><div class=\"g-cols vc_row via_flex valign_middle type_default stacking_default\"><div class=\"vc_col-sm-12 wpb_column vc_column_container\"><div class=\"vc_column-inner\"><div class=\"wpb_wrapper\"><div class=\"g-cols wpb_row via_flex valign_top type_default stacking_default\"><div class=\"vc_col-sm-12 wpb_column vc_column_container\"><div class=\"vc_column-inner\"><div class=\"wpb_wrapper\"><div class=\"w-separator size_large\"><\/div><\/div><\/div><\/div><\/div><div class=\"g-cols wpb_row via_flex valign_middle type_default stacking_default\"><div class=\"vc_col-sm-6 wpb_column vc_column_container\"><div class=\"vc_column-inner\"><div class=\"wpb_wrapper\"><div class=\"wpb_text_column\"><div class=\"wpb_wrapper\"><h3>L&rsquo;adh\u00e9sion de 20\u20ac est valable un an, pour toute la famille, et inclus tous nos services.<\/h3>\n<\/div><\/div><div class=\"w-separator size_small\"><\/div><div class=\"w-btn-wrapper align_none\"><a class=\"w-btn us-btn-style_3\" title=\"Nous contacter\" target=\"_blank\" rel=\"nofollow\" href=\"https:\/\/asscoupdepouce.com\/index.php\/nous-contacter\/\"><span class=\"w-btn-label\">Contactez-nous<\/span><\/a><\/div><\/div><\/div><\/div><div class=\"vc_col-sm-6 wpb_column vc_column_container\"><div class=\"vc_column-inner\"><div class=\"wpb_wrapper\"><div class=\"w-image align_right\"><div class=\"w-image-h\"><img decoding=\"async\" width=\"6196\" height=\"6124\" src=\"https:\/\/asscoupdepouce.com\/wp-content\/uploads\/2021\/08\/Permanance-modif.png\" class=\"attachment-full size-full\" alt=\"\" loading=\"lazy\" srcset=\"https:\/\/asscoupdepouce.com\/wp-content\/uploads\/2021\/08\/Permanance-modif.png 6196w, https:\/\/asscoupdepouce.com\/wp-content\/uploads\/2021\/08\/Permanance-modif-300x297.png 300w, https:\/\/asscoupdepouce.com\/wp-content\/uploads\/2021\/08\/Permanance-modif-1024x1012.png 1024w, https:\/\/asscoupdepouce.com\/wp-content\/uploads\/2021\/08\/Permanance-modif-405x400.png 405w, https:\/\/asscoupdepouce.com\/wp-content\/uploads\/2021\/08\/Permanance-modif-500x494.png 500w, https:\/\/asscoupdepouce.com\/wp-content\/uploads\/2021\/08\/Permanance-modif-400x395.png 400w\" sizes=\"auto, (max-width: 6196px) 100vw, 6196px\" \/><\/div><\/div><\/div><\/div><\/div><\/div><div class=\"g-cols wpb_row via_flex valign_top type_default stacking_default\"><div class=\"vc_col-sm-12 wpb_column vc_column_container\"><div class=\"vc_column-inner\"><div class=\"wpb_wrapper\"><div class=\"w-separator size_large\"><\/div><\/div><\/div><\/div><\/div><\/div><\/div><\/div><\/div><\/div><\/section><section class=\"l-section wpb_row height_auto width_full\"><div class=\"l-section-h i-cf\"><div class=\"g-cols vc_row via_flex valign_middle type_boxes stacking_default\"><div class=\"vc_col-sm-3 wpb_column vc_column_container has_bg_color has-link\"><div class=\"vc_column-inner us_custom_fb86bcdd\"><div class=\"vc_column-overlay\" style=\"background:rgba(0,0,0,0.40)\"><\/div><div class=\"wpb_wrapper\"><div class=\"wpb_text_column us_custom_6df4bc3a has_text_color\"><div class=\"wpb_wrapper\"><h3 style=\"text-align: left;\">Aides administratives<\/h3>\n<\/div><\/div><div class=\"w-separator size_small\"><\/div><div class=\"w-btn-wrapper align_none\"><a class=\"w-btn us-btn-style_6\" target=\"_blank\" rel=\"nofollow\" title=\"Administratif\" href=\"https:\/\/asscoupdepouce.com\/index.php\/evenements-clermont-ferrand\/?filter_category=administratif\"><span class=\"w-btn-label\">Voir<\/span><\/a><\/div><\/div><\/div><a title=\"Aides administratives\" target=\"_blank\" rel=\"nofollow\" href=\"https:\/\/asscoupdepouce.com\/index.php\/evenements\/?filter_category=administratif\" class=\"vc_column-link smooth-scroll\"><\/a><\/div><div class=\"vc_col-sm-3 wpb_column vc_column_container has_bg_color has-link\"><div class=\"vc_column-inner us_custom_3bbf6f0c\"><div class=\"vc_column-overlay\" style=\"background:rgba(0,0,0,0.40)\"><\/div><div class=\"wpb_wrapper\"><div class=\"wpb_text_column us_custom_6df4bc3a has_text_color\"><div class=\"wpb_wrapper\"><h3 style=\"text-align: left;\">\u00c9v\u00e9nements solidaires<\/h3>\n<\/div><\/div><div class=\"w-separator size_small\"><\/div><div class=\"w-btn-wrapper align_none\"><a class=\"w-btn us-btn-style_6\" target=\"_blank\" rel=\"nofollow\" title=\"Solidarit\u00e9\" href=\"https:\/\/asscoupdepouce.com\/index.php\/evenements-clermont-ferrand\/?filter_category=solidarite\"><span class=\"w-btn-label\">Voir<\/span><\/a><\/div><\/div><\/div><a title=\"Ev\u00e8nements solidaires\" target=\"_blank\" rel=\"nofollow\" href=\"https:\/\/asscoupdepouce.com\/index.php\/evenements\/?filter_category=evenements-solidaires\" class=\"vc_column-link smooth-scroll\"><\/a><\/div><div class=\"vc_col-sm-3 wpb_column vc_column_container has_bg_color has-link\"><div class=\"vc_column-inner us_custom_80e56565\"><div class=\"vc_column-overlay\" style=\"background:rgba(0,0,0,0.40)\"><\/div><div class=\"wpb_wrapper\"><div class=\"wpb_text_column us_custom_6df4bc3a has_text_color\"><div class=\"wpb_wrapper\"><h3 style=\"text-align: left;\">Voyages et sorties<\/h3>\n<\/div><\/div><div class=\"w-separator size_small\"><\/div><div class=\"w-btn-wrapper align_none\"><a class=\"w-btn us-btn-style_6\" target=\"_blank\" rel=\"nofollow\" title=\"Sorties et \u00e9v\u00e8nements\" href=\"https:\/\/asscoupdepouce.com\/index.php\/evenements-clermont-ferrand\/?filter_category=activites-sorties,administratif,solidarite\"><span class=\"w-btn-label\">Voir<\/span><\/a><\/div><\/div><\/div><a title=\"Voyages et sorties\" target=\"_blank\" rel=\"nofollow\" href=\"https:\/\/asscoupdepouce.com\/index.php\/evenements\/?filter_category=familles\" class=\"vc_column-link smooth-scroll\"><\/a><\/div><div class=\"vc_col-sm-3 wpb_column vc_column_container has_bg_color has-link\"><div class=\"vc_column-inner us_custom_bd5489b9\"><div class=\"vc_column-overlay\" style=\"background:rgba(0,0,0,0.40)\"><\/div><div class=\"wpb_wrapper\"><div class=\"wpb_text_column us_custom_6df4bc3a has_text_color\"><div class=\"wpb_wrapper\"><h3 style=\"text-align: left;\">\u00c9v\u00e9nements divers<\/h3>\n<\/div><\/div><div class=\"w-separator size_small\"><\/div><div class=\"w-btn-wrapper align_none\"><a class=\"w-btn us-btn-style_6\" target=\"_blank\" rel=\"nofollow\" title=\"Autres projets\" href=\"https:\/\/asscoupdepouce.com\/index.php\/evenements-clermont-ferrand\/?filter_category=evenements\"><span class=\"w-btn-label\">Voir<\/span><\/a><\/div><\/div><\/div><a title=\"Autres actions\" target=\"_blank\" rel=\"nofollow\" href=\"https:\/\/asscoupdepouce.com\/index.php\/evenements\/?filter_category=actions-caritatives,autres-actions\" class=\"vc_column-link smooth-scroll\"><\/a><\/div><\/div><\/div><\/section>\n","protected":false},"excerpt":{"rendered":"Soutien aux habitants S&rsquo;adapter \u00e0 chaque situation Au-del\u00e0 de l\u2019accompagnement des parents dans la scolarit\u00e9 de leurs enfants, l\u2019association aide les habitants des quartiers prioritaires de la politique de la ville \u00e0 s\u2019int\u00e9grer en les soutenant dans leurs d\u00e9marches administratives. Une r\u00e9elle in\u00e9galit\u00e9 de vie subsiste dans les quartiers prioritaires de la ville de Clermont-Ferrand....","protected":false},"author":1,"featured_media":0,"parent":17,"menu_order":0,"comment_status":"closed","ping_status":"closed","template":"","meta":{"footnotes":""},"class_list":["post-24","page","type-page","status-publish","hentry"],"yoast_head":"<!-- This site is optimized with the Yoast SEO plugin v27.2 - https:\/\/yoast.com\/product\/yoast-seo-wordpress\/ -->\n<title>Soutien aux habitants - Coup de Pouce<\/title>\n<meta name=\"description\" content=\"L&#039;association Coup de Pouce vient en soutien aux habitants des quartiers prioritaires de la ville \u00e0 plusieurs niveaux. Cliquez pour savoir !\" \/>\n<meta name=\"robots\" content=\"index, follow, max-snippet:-1, max-image-preview:large, max-video-preview:-1\" \/>\n<link rel=\"canonical\" href=\"https:\/\/asscoupdepouce.com\/index.php\/nos-actions\/soutien-aux-habitants\/\" \/>\n<meta property=\"og:locale\" content=\"fr_FR\" \/>\n<meta property=\"og:type\" content=\"article\" \/>\n<meta property=\"og:title\" content=\"Soutien aux habitants - Coup de Pouce\" \/>\n<meta property=\"og:description\" content=\"L&#039;association Coup de Pouce vient en soutien aux habitants des quartiers prioritaires de la ville \u00e0 plusieurs niveaux. Cliquez pour savoir !\" \/>\n<meta property=\"og:url\" content=\"https:\/\/asscoupdepouce.com\/index.php\/nos-actions\/soutien-aux-habitants\/\" \/>\n<meta property=\"og:site_name\" content=\"Coup de Pouce\" \/>\n<meta property=\"article:publisher\" content=\"https:\/\/fr-fr.facebook.com\/Association-Coup-de-Pouce-816767501818619\/\" \/>\n<meta property=\"article:modified_time\" content=\"2024-10-01T09:52:46+00:00\" \/>\n<meta name=\"twitter:card\" content=\"summary_large_image\" \/>\n<meta name=\"twitter:label1\" content=\"Dur\u00e9e de lecture estim\u00e9e\" \/>\n\t<meta name=\"twitter:data1\" content=\"3 minutes\" \/>\n<script type=\"application\/ld+json\" class=\"yoast-schema-graph\">{\"@context\":\"https:\/\/schema.org\",\"@graph\":[{\"@type\":\"WebPage\",\"@id\":\"https:\/\/asscoupdepouce.com\/index.php\/nos-actions\/soutien-aux-habitants\/\",\"url\":\"https:\/\/asscoupdepouce.com\/index.php\/nos-actions\/soutien-aux-habitants\/\",\"name\":\"Soutien aux habitants - Coup de Pouce\",\"isPartOf\":{\"@id\":\"https:\/\/asscoupdepouce.com\/#website\"},\"datePublished\":\"2021-03-18T14:05:41+00:00\",\"dateModified\":\"2024-10-01T09:52:46+00:00\",\"description\":\"L'association Coup de Pouce vient en soutien aux habitants des quartiers prioritaires de la ville \u00e0 plusieurs niveaux. Cliquez pour savoir !\",\"breadcrumb\":{\"@id\":\"https:\/\/asscoupdepouce.com\/index.php\/nos-actions\/soutien-aux-habitants\/#breadcrumb\"},\"inLanguage\":\"fr-FR\",\"potentialAction\":[{\"@type\":\"ReadAction\",\"target\":[\"https:\/\/asscoupdepouce.com\/index.php\/nos-actions\/soutien-aux-habitants\/\"]}]},{\"@type\":\"BreadcrumbList\",\"@id\":\"https:\/\/asscoupdepouce.com\/index.php\/nos-actions\/soutien-aux-habitants\/#breadcrumb\",\"itemListElement\":[{\"@type\":\"ListItem\",\"position\":1,\"name\":\"Accueil\",\"item\":\"https:\/\/asscoupdepouce.com\/\"},{\"@type\":\"ListItem\",\"position\":2,\"name\":\"Nos actions\",\"item\":\"https:\/\/asscoupdepouce.com\/index.php\/nos-actions\/\"},{\"@type\":\"ListItem\",\"position\":3,\"name\":\"Soutien aux habitants\"}]},{\"@type\":\"WebSite\",\"@id\":\"https:\/\/asscoupdepouce.com\/#website\",\"url\":\"https:\/\/asscoupdepouce.com\/\",\"name\":\"Association Coup de Pouce\",\"description\":\"L&#039;esprit de la r\u00e9ussite\",\"publisher\":{\"@id\":\"https:\/\/asscoupdepouce.com\/#organization\"},\"potentialAction\":[{\"@type\":\"SearchAction\",\"target\":{\"@type\":\"EntryPoint\",\"urlTemplate\":\"https:\/\/asscoupdepouce.com\/?s={search_term_string}\"},\"query-input\":{\"@type\":\"PropertyValueSpecification\",\"valueRequired\":true,\"valueName\":\"search_term_string\"}}],\"inLanguage\":\"fr-FR\"},{\"@type\":\"Organization\",\"@id\":\"https:\/\/asscoupdepouce.com\/#organization\",\"name\":\"Association Coup de Pouce\",\"url\":\"https:\/\/asscoupdepouce.com\/\",\"logo\":{\"@type\":\"ImageObject\",\"inLanguage\":\"fr-FR\",\"@id\":\"https:\/\/asscoupdepouce.com\/#\/schema\/logo\/image\/\",\"url\":\"https:\/\/asscoupdepouce.com\/wp-content\/uploads\/2021\/03\/Coup-de-pouce-logo-SITE.png\",\"contentUrl\":\"https:\/\/asscoupdepouce.com\/wp-content\/uploads\/2021\/03\/Coup-de-pouce-logo-SITE.png\",\"width\":2200,\"height\":864,\"caption\":\"Association Coup de Pouce\"},\"image\":{\"@id\":\"https:\/\/asscoupdepouce.com\/#\/schema\/logo\/image\/\"},\"sameAs\":[\"https:\/\/fr-fr.facebook.com\/Association-Coup-de-Pouce-816767501818619\/\"]}]}<\/script>\n<!-- \/ Yoast SEO plugin. -->","yoast_head_json":{"title":"Soutien aux habitants - Coup de Pouce","description":"L'association Coup de Pouce vient en soutien aux habitants des quartiers prioritaires de la ville \u00e0 plusieurs niveaux. Cliquez pour savoir !","robots":{"index":"index","follow":"follow","max-snippet":"max-snippet:-1","max-image-preview":"max-image-preview:large","max-video-preview":"max-video-preview:-1"},"canonical":"https:\/\/asscoupdepouce.com\/index.php\/nos-actions\/soutien-aux-habitants\/","og_locale":"fr_FR","og_type":"article","og_title":"Soutien aux habitants - Coup de Pouce","og_description":"L'association Coup de Pouce vient en soutien aux habitants des quartiers prioritaires de la ville \u00e0 plusieurs niveaux. Cliquez pour savoir !","og_url":"https:\/\/asscoupdepouce.com\/index.php\/nos-actions\/soutien-aux-habitants\/","og_site_name":"Coup de Pouce","article_publisher":"https:\/\/fr-fr.facebook.com\/Association-Coup-de-Pouce-816767501818619\/","article_modified_time":"2024-10-01T09:52:46+00:00","twitter_card":"summary_large_image","twitter_misc":{"Dur\u00e9e de lecture estim\u00e9e":"3 minutes"},"schema":{"@context":"https:\/\/schema.org","@graph":[{"@type":"WebPage","@id":"https:\/\/asscoupdepouce.com\/index.php\/nos-actions\/soutien-aux-habitants\/","url":"https:\/\/asscoupdepouce.com\/index.php\/nos-actions\/soutien-aux-habitants\/","name":"Soutien aux habitants - Coup de Pouce","isPartOf":{"@id":"https:\/\/asscoupdepouce.com\/#website"},"datePublished":"2021-03-18T14:05:41+00:00","dateModified":"2024-10-01T09:52:46+00:00","description":"L'association Coup de Pouce vient en soutien aux habitants des quartiers prioritaires de la ville \u00e0 plusieurs niveaux. Cliquez pour savoir !","breadcrumb":{"@id":"https:\/\/asscoupdepouce.com\/index.php\/nos-actions\/soutien-aux-habitants\/#breadcrumb"},"inLanguage":"fr-FR","potentialAction":[{"@type":"ReadAction","target":["https:\/\/asscoupdepouce.com\/index.php\/nos-actions\/soutien-aux-habitants\/"]}]},{"@type":"BreadcrumbList","@id":"https:\/\/asscoupdepouce.com\/index.php\/nos-actions\/soutien-aux-habitants\/#breadcrumb","itemListElement":[{"@type":"ListItem","position":1,"name":"Accueil","item":"https:\/\/asscoupdepouce.com\/"},{"@type":"ListItem","position":2,"name":"Nos actions","item":"https:\/\/asscoupdepouce.com\/index.php\/nos-actions\/"},{"@type":"ListItem","position":3,"name":"Soutien aux habitants"}]},{"@type":"WebSite","@id":"https:\/\/asscoupdepouce.com\/#website","url":"https:\/\/asscoupdepouce.com\/","name":"Association Coup de Pouce","description":"L&#039;esprit de la r\u00e9ussite","publisher":{"@id":"https:\/\/asscoupdepouce.com\/#organization"},"potentialAction":[{"@type":"SearchAction","target":{"@type":"EntryPoint","urlTemplate":"https:\/\/asscoupdepouce.com\/?s={search_term_string}"},"query-input":{"@type":"PropertyValueSpecification","valueRequired":true,"valueName":"search_term_string"}}],"inLanguage":"fr-FR"},{"@type":"Organization","@id":"https:\/\/asscoupdepouce.com\/#organization","name":"Association Coup de Pouce","url":"https:\/\/asscoupdepouce.com\/","logo":{"@type":"ImageObject","inLanguage":"fr-FR","@id":"https:\/\/asscoupdepouce.com\/#\/schema\/logo\/image\/","url":"https:\/\/asscoupdepouce.com\/wp-content\/uploads\/2021\/03\/Coup-de-pouce-logo-SITE.png","contentUrl":"https:\/\/asscoupdepouce.com\/wp-content\/uploads\/2021\/03\/Coup-de-pouce-logo-SITE.png","width":2200,"height":864,"caption":"Association Coup de Pouce"},"image":{"@id":"https:\/\/asscoupdepouce.com\/#\/schema\/logo\/image\/"},"sameAs":["https:\/\/fr-fr.facebook.com\/Association-Coup-de-Pouce-816767501818619\/"]}]}},"_links":{"self":[{"href":"https:\/\/asscoupdepouce.com\/index.php\/wp-json\/wp\/v2\/pages\/24","targetHints":{"allow":["GET"]}}],"collection":[{"href":"https:\/\/asscoupdepouce.com\/index.php\/wp-json\/wp\/v2\/pages"}],"about":[{"href":"https:\/\/asscoupdepouce.com\/index.php\/wp-json\/wp\/v2\/types\/page"}],"author":[{"embeddable":true,"href":"https:\/\/asscoupdepouce.com\/index.php\/wp-json\/wp\/v2\/users\/1"}],"replies":[{"embeddable":true,"href":"https:\/\/asscoupdepouce.com\/index.php\/wp-json\/wp\/v2\/comments?post=24"}],"version-history":[{"count":18,"href":"https:\/\/asscoupdepouce.com\/index.php\/wp-json\/wp\/v2\/pages\/24\/revisions"}],"predecessor-version":[{"id":960,"href":"https:\/\/asscoupdepouce.com\/index.php\/wp-json\/wp\/v2\/pages\/24\/revisions\/960"}],"up":[{"embeddable":true,"href":"https:\/\/asscoupdepouce.com\/index.php\/wp-json\/wp\/v2\/pages\/17"}],"wp:attachment":[{"href":"https:\/\/asscoupdepouce.com\/index.php\/wp-json\/wp\/v2\/media?parent=24"}],"curies":[{"name":"wp","href":"https:\/\/api.w.org\/{rel}","templated":true}]}}